{"id":1339,"date":"2020-06-23T11:29:16","date_gmt":"2020-06-23T09:29:16","guid":{"rendered":"https:\/\/madiet.net\/?page_id=1339"},"modified":"2022-04-23T10:22:40","modified_gmt":"2022-04-23T08:22:40","slug":"le-syndrome-de-lintestin-irritable-ou-colopathie-fonctionnelle","status":"publish","type":"page","link":"https:\/\/madiet.net\/?page_id=1339","title":{"rendered":"Syndrome de l&#8217;intestin irritable ou colopathie fonctionnelle"},"content":{"rendered":"\t\t<div data-elementor-type=\"wp-page\" data-elementor-id=\"1339\" class=\"elementor elementor-1339\" data-elementor-settings=\"[]\">\n\t\t\t\t\t\t<div class=\"elementor-inner\">\n\t\t\t\t\t\t\t<div class=\"elementor-section-wrap\">\n\t\t\t\t\t\t\t<section class=\"elementor-section elementor-top-section elementor-element elementor-element-72d46abc elementor-section-boxed elementor-section-height-default elementor-section-height-default\" data-id=\"72d46abc\" data-element_type=\"section\">\n\t\t\t\t\t\t<div class=\"elementor-container elementor-column-gap-default\">\n\t\t\t\t\t\t\t<div class=\"elementor-row\">\n\t\t\t\t\t<div class=\"elementor-column elementor-col-100 elementor-top-column elementor-element elementor-element-1658590a\" data-id=\"1658590a\" data-element_type=\"column\">\n\t\t\t<div class=\"elementor-column-wrap elementor-element-populated\">\n\t\t\t\t\t\t\t<div class=\"elementor-widget-wrap\">\n\t\t\t\t\t\t<div class=\"elementor-element elementor-element-2e5fccfe elementor-widget elementor-widget-spacer\" data-id=\"2e5fccfe\" data-element_type=\"widget\" data-widget_type=\"spacer.default\">\n\t\t\t\t<div class=\"elementor-widget-container\">\n\t\t\t\t\t<div class=\"elementor-spacer\">\n\t\t\t<div class=\"elementor-spacer-inner\"><\/div>\n\t\t<\/div>\n\t\t\t\t<\/div>\n\t\t\t\t<\/div>\n\t\t\t\t<div class=\"elementor-element elementor-element-2cee23d0 elementor-widget elementor-widget-heading\" data-id=\"2cee23d0\" data-element_type=\"widget\" data-widget_type=\"heading.default\">\n\t\t\t\t<div class=\"elementor-widget-container\">\n\t\t\t<h2 class=\"elementor-heading-title elementor-size-default\">Le syndrome de l\u2019intestin irritable (Sii) est un trouble r\u00e9pandu qui affecte le c\u00f4lon, ou le gros intestin. Il est \u00e9galement appel\u00e9 colopathie fonctionnelle. En France, le Sii touche entre 10 et 12 % de la population g\u00e9n\u00e9rale, avec une pr\u00e9dominance f\u00e9minine.<\/h2>\t\t<\/div>\n\t\t\t\t<\/div>\n\t\t\t\t<div class=\"elementor-element elementor-element-7bfef7e8 elementor-widget elementor-widget-spacer\" data-id=\"7bfef7e8\" data-element_type=\"widget\" data-widget_type=\"spacer.default\">\n\t\t\t\t<div class=\"elementor-widget-container\">\n\t\t\t\t\t<div class=\"elementor-spacer\">\n\t\t\t<div class=\"elementor-spacer-inner\"><\/div>\n\t\t<\/div>\n\t\t\t\t<\/div>\n\t\t\t\t<\/div>\n\t\t\t\t\t\t<\/div>\n\t\t\t\t\t<\/div>\n\t\t<\/div>\n\t\t\t\t\t\t\t\t<\/div>\n\t\t\t\t\t<\/div>\n\t\t<\/section>\n\t\t\t\t<section class=\"elementor-section elementor-top-section elementor-element elementor-element-7bccb74d elementor-section-boxed elementor-section-height-default elementor-section-height-default\" data-id=\"7bccb74d\" data-element_type=\"section\" data-settings=\"{&quot;background_background&quot;:&quot;classic&quot;}\">\n\t\t\t\t\t\t<div class=\"elementor-container elementor-column-gap-default\">\n\t\t\t\t\t\t\t<div class=\"elementor-row\">\n\t\t\t\t\t<div class=\"elementor-column elementor-col-100 elementor-top-column elementor-element elementor-element-25f2e1d8\" data-id=\"25f2e1d8\" data-element_type=\"column\">\n\t\t\t<div class=\"elementor-column-wrap elementor-element-populated\">\n\t\t\t\t\t\t\t<div class=\"elementor-widget-wrap\">\n\t\t\t\t\t\t<div class=\"elementor-element elementor-element-3347b57d elementor-widget elementor-widget-ct-title\" data-id=\"3347b57d\" data-element_type=\"widget\" data-widget_type=\"ct-title.default\">\n\t\t\t\t<div class=\"elementor-widget-container\">\n\t\t\t\r\n      <div class=\"section-title-wrap text-center\">\r\n                <div class=\"ct-title-icon\"> <i aria-hidden=\"true\" class=\"fa fa-star\"><\/i> <\/div>\r\n                        <h2 class=\"title\"> Pr\u00e9sentez-vous les sympt\u00f4mes du SII ? <\/h2>\r\n                      <\/div>\r\n\r\n      \t\t<\/div>\n\t\t\t\t<\/div>\n\t\t\t\t<section class=\"elementor-section elementor-inner-section elementor-element elementor-element-3ee9797 elementor-section-boxed elementor-section-height-default elementor-section-height-default\" data-id=\"3ee9797\" data-element_type=\"section\">\n\t\t\t\t\t\t<div class=\"elementor-container elementor-column-gap-default\">\n\t\t\t\t\t\t\t<div class=\"elementor-row\">\n\t\t\t\t\t<div class=\"elementor-column elementor-col-50 elementor-inner-column elementor-element elementor-element-2c21d32\" data-id=\"2c21d32\" data-element_type=\"column\">\n\t\t\t<div class=\"elementor-column-wrap elementor-element-populated\">\n\t\t\t\t\t\t\t<div class=\"elementor-widget-wrap\">\n\t\t\t\t\t\t<div class=\"elementor-element elementor-element-b6aa612 elementor-widget elementor-widget-text-editor\" data-id=\"b6aa612\" data-element_type=\"widget\" data-widget_type=\"text-editor.default\">\n\t\t\t\t<div class=\"elementor-widget-container\">\n\t\t\t\t\t\t\t\t<div class=\"elementor-text-editor elementor-clearfix\">\n\t\t\t\t<p>Les sympt\u00f4mes <b>les plus fr\u00e9quents<\/b> sont\u00a0:<\/p><p>&#8211; Des <b>douleurs digestives<\/b> avec des maux de ventre;<\/p><p>&#8211; Des <b>crampes intestinales<\/b>;<\/p><p>&#8211; Des <b>ballonnements<\/b>, des flatulences;<\/p><p>&#8211; De la <b>diarrh\u00e9e<\/b>, de la <b>constipation<\/b> ou une alternance des deux.<\/p>\t\t\t\t\t<\/div>\n\t\t\t\t\t\t<\/div>\n\t\t\t\t<\/div>\n\t\t\t\t\t\t<\/div>\n\t\t\t\t\t<\/div>\n\t\t<\/div>\n\t\t\t\t<div class=\"elementor-column elementor-col-50 elementor-inner-column elementor-element elementor-element-274ec7a\" data-id=\"274ec7a\" data-element_type=\"column\">\n\t\t\t<div class=\"elementor-column-wrap elementor-element-populated\">\n\t\t\t\t\t\t\t<div class=\"elementor-widget-wrap\">\n\t\t\t\t\t\t<div class=\"elementor-element elementor-element-a3dffed elementor-widget elementor-widget-text-editor\" data-id=\"a3dffed\" data-element_type=\"widget\" data-widget_type=\"text-editor.default\">\n\t\t\t\t<div class=\"elementor-widget-container\">\n\t\t\t\t\t\t\t\t<div class=\"elementor-text-editor elementor-clearfix\">\n\t\t\t\t<p>Les sympt\u00f4mes <b>moins fr\u00e9quents<\/b> sont\u00a0:<\/p><p>&#8211; Des <b>brulures d\u2019estomac<\/b>;<\/p><p>&#8211; Des <b>naus\u00e9es<\/b> et une <b>fatigue g\u00e9n\u00e9rale<\/b>;<\/p><p>&#8211; Des <b>douleurs musculaires<\/b> (courbatures, crampes);<\/p><p>&#8211; Une envie plus fr\u00e9quentes d\u2019uriner.<\/p>\t\t\t\t\t<\/div>\n\t\t\t\t\t\t<\/div>\n\t\t\t\t<\/div>\n\t\t\t\t\t\t<\/div>\n\t\t\t\t\t<\/div>\n\t\t<\/div>\n\t\t\t\t\t\t\t\t<\/div>\n\t\t\t\t\t<\/div>\n\t\t<\/section>\n\t\t\t\t<div class=\"elementor-element elementor-element-db8ea95 elementor-widget elementor-widget-text-editor\" data-id=\"db8ea95\" data-element_type=\"widget\" data-widget_type=\"text-editor.default\">\n\t\t\t\t<div class=\"elementor-widget-container\">\n\t\t\t\t\t\t\t\t<div class=\"elementor-text-editor elementor-clearfix\">\n\t\t\t\t<p style=\"text-align: center;\"><strong><span style=\"color: #000000;\">Les sympt\u00f4mes varient d\u2019une personne\u00a0 l\u2019autre. Si vous vous rendez compte que vous avez une partie de ces sympt\u00f4mes et que vous pourriez bien avoir le syndrome de l\u2019intestin irritable il est tr\u00e8s important de faire valider le diagnostic par un m\u00e9decin avant m\u00eame d\u2019entamer toute d\u00e9marche de soin.<\/span><\/strong><\/p>\t\t\t\t\t<\/div>\n\t\t\t\t\t\t<\/div>\n\t\t\t\t<\/div>\n\t\t\t\t\t\t<\/div>\n\t\t\t\t\t<\/div>\n\t\t<\/div>\n\t\t\t\t\t\t\t\t<\/div>\n\t\t\t\t\t<\/div>\n\t\t<\/section>\n\t\t\t\t<section class=\"elementor-section elementor-top-section elementor-element elementor-element-7c51b113 elementor-section-boxed elementor-section-height-default elementor-section-height-default\" data-id=\"7c51b113\" data-element_type=\"section\">\n\t\t\t\t\t\t<div class=\"elementor-container elementor-column-gap-default\">\n\t\t\t\t\t\t\t<div class=\"elementor-row\">\n\t\t\t\t\t<div class=\"elementor-column elementor-col-100 elementor-top-column elementor-element elementor-element-1bcc7bda\" data-id=\"1bcc7bda\" data-element_type=\"column\">\n\t\t\t<div class=\"elementor-column-wrap elementor-element-populated\">\n\t\t\t\t\t\t\t<div class=\"elementor-widget-wrap\">\n\t\t\t\t\t\t<div class=\"elementor-element elementor-element-9403c25 elementor-widget elementor-widget-spacer\" data-id=\"9403c25\" data-element_type=\"widget\" data-widget_type=\"spacer.default\">\n\t\t\t\t<div class=\"elementor-widget-container\">\n\t\t\t\t\t<div class=\"elementor-spacer\">\n\t\t\t<div class=\"elementor-spacer-inner\"><\/div>\n\t\t<\/div>\n\t\t\t\t<\/div>\n\t\t\t\t<\/div>\n\t\t\t\t<div class=\"elementor-element elementor-element-ee3ea33 elementor-widget elementor-widget-ct-title\" data-id=\"ee3ea33\" data-element_type=\"widget\" data-widget_type=\"ct-title.default\">\n\t\t\t\t<div class=\"elementor-widget-container\">\n\t\t\t\r\n      <div class=\"section-title-wrap text-center\">\r\n                <div class=\"ct-title-icon\"> <i aria-hidden=\"true\" class=\"fa fa-star\"><\/i> <\/div>\r\n                        <h2 class=\"title\"> Comment est effectu\u00e9 le diagnostic? <\/h2>\r\n                      <\/div>\r\n\r\n      \t\t<\/div>\n\t\t\t\t<\/div>\n\t\t\t\t<div class=\"elementor-element elementor-element-6664311 elementor-widget elementor-widget-text-editor\" data-id=\"6664311\" data-element_type=\"widget\" data-widget_type=\"text-editor.default\">\n\t\t\t\t<div class=\"elementor-widget-container\">\n\t\t\t\t\t\t\t\t<div class=\"elementor-text-editor elementor-clearfix\">\n\t\t\t\t<p><span style=\"color: #000000;\"><b>Le diagnostic du<\/b> <b>SII repose sur les crit\u00e8res de la classification de Rome IV\u00a0:<\/b><\/span><span style=\"color: #000000;\"> douleur abdominale chronique ou inconfort au moins <b>1 fois par semaine<\/b> sur les 3 derniers mois, associ\u00e9e avec au moins deux des points suivants\u00a0 : <\/span><\/p><p style=\"text-align: left;\"><span style=\"color: #000000;\">\u00a0\u00a0\u00a0\u00a0\u00a0\u00a0\u00a0\u00a0 1. Douleur et\/ou soulagement associ\u00e9s \u00e0 la d\u00e9f\u00e9cation ;<\/span><\/p><p style=\"text-align: left;\"><span style=\"color: #000000;\">\u00a0\u00a0\u00a0\u00a0\u00a0\u00a0\u00a0\u00a0 2. Modification de la fr\u00e9quence des selles ou de leur aspect (diarrh\u00e9e\/constipation).<\/span><\/p>\t\t\t\t\t<\/div>\n\t\t\t\t\t\t<\/div>\n\t\t\t\t<\/div>\n\t\t\t\t<div class=\"elementor-element elementor-element-1e221e8d elementor-widget elementor-widget-heading\" data-id=\"1e221e8d\" data-element_type=\"widget\" data-widget_type=\"heading.default\">\n\t\t\t\t<div class=\"elementor-widget-container\">\n\t\t\t<h2 class=\"elementor-heading-title elementor-size-default\"><b>Si vous correspondez \u00e0 cette d\u00e9finition de diagnostic votre <u>M\u00e9decin<\/u> devra donc exclure les autres pathologies qui peuvent donner les m\u00eame sympt\u00f4mes. Ces maladies sont la maladie c\u0153liaque, les maladies inflammatoires de l\u2019intestin mais aussi des diverticules, des polypes, une endom\u00e9triose, un cancer, une parasitose\u2026.<\/b>.<\/h2>\t\t<\/div>\n\t\t\t\t<\/div>\n\t\t\t\t<div class=\"elementor-element elementor-element-8e32882 elementor-widget elementor-widget-spacer\" data-id=\"8e32882\" data-element_type=\"widget\" data-widget_type=\"spacer.default\">\n\t\t\t\t<div class=\"elementor-widget-container\">\n\t\t\t\t\t<div class=\"elementor-spacer\">\n\t\t\t<div class=\"elementor-spacer-inner\"><\/div>\n\t\t<\/div>\n\t\t\t\t<\/div>\n\t\t\t\t<\/div>\n\t\t\t\t<div class=\"elementor-element elementor-element-6b609e07 elementor-widget elementor-widget-spacer\" data-id=\"6b609e07\" data-element_type=\"widget\" data-widget_type=\"spacer.default\">\n\t\t\t\t<div class=\"elementor-widget-container\">\n\t\t\t\t\t<div class=\"elementor-spacer\">\n\t\t\t<div class=\"elementor-spacer-inner\"><\/div>\n\t\t<\/div>\n\t\t\t\t<\/div>\n\t\t\t\t<\/div>\n\t\t\t\t\t\t<\/div>\n\t\t\t\t\t<\/div>\n\t\t<\/div>\n\t\t\t\t\t\t\t\t<\/div>\n\t\t\t\t\t<\/div>\n\t\t<\/section>\n\t\t\t\t<section class=\"elementor-section elementor-inner-section elementor-element elementor-element-26a278e elementor-section-boxed elementor-section-height-default elementor-section-height-default\" data-id=\"26a278e\" data-element_type=\"section\" data-settings=\"{&quot;background_background&quot;:&quot;classic&quot;}\">\n\t\t\t\t\t\t<div class=\"elementor-container elementor-column-gap-default\">\n\t\t\t\t\t\t\t<div class=\"elementor-row\">\n\t\t\t\t\t<div class=\"elementor-column elementor-col-100 elementor-inner-column elementor-element elementor-element-7d83fa78\" data-id=\"7d83fa78\" data-element_type=\"column\">\n\t\t\t<div class=\"elementor-column-wrap elementor-element-populated\">\n\t\t\t\t\t\t\t<div class=\"elementor-widget-wrap\">\n\t\t\t\t\t\t<div class=\"elementor-element elementor-element-46065590 elementor-widget elementor-widget-ct-title\" data-id=\"46065590\" data-element_type=\"widget\" data-widget_type=\"ct-title.default\">\n\t\t\t\t<div class=\"elementor-widget-container\">\n\t\t\t\r\n      <div class=\"section-title-wrap text-center\">\r\n                <div class=\"ct-title-icon\"> <i aria-hidden=\"true\" class=\"fa fa-star\"><\/i> <\/div>\r\n                        <h2 class=\"title\"> Prise en charge par un di\u00e9t\u00e9ticien - nutritionniste sp\u00e9cialis\u00e9 <\/h2>\r\n                      <\/div>\r\n\r\n      \t\t<\/div>\n\t\t\t\t<\/div>\n\t\t\t\t<div class=\"elementor-element elementor-element-e707bbd elementor-widget elementor-widget-text-editor\" data-id=\"e707bbd\" data-element_type=\"widget\" data-widget_type=\"text-editor.default\">\n\t\t\t\t<div class=\"elementor-widget-container\">\n\t\t\t\t\t\t\t\t<div class=\"elementor-text-editor elementor-clearfix\">\n\t\t\t\t<p style=\"text-align: center;\">La meilleure m\u00e9thode (prouv\u00e9e scientifiquement) pour r\u00e9duire de mani\u00e8re significative les sympt\u00f4mes est de mettre en place<b> un r\u00e9gime alimentaire pauvre en FODMAP<\/b>. accompagn\u00e9 par un di\u00e9t\u00e9ticien &#8211; nutritionniste <b>form\u00e9<\/b> \u00e0 cette approche.<\/p>\t\t\t\t\t<\/div>\n\t\t\t\t\t\t<\/div>\n\t\t\t\t<\/div>\n\t\t\t\t<div class=\"elementor-element elementor-element-64eee943 elementor-widget elementor-widget-text-editor\" data-id=\"64eee943\" data-element_type=\"widget\" data-widget_type=\"text-editor.default\">\n\t\t\t\t<div class=\"elementor-widget-container\">\n\t\t\t\t\t\t\t\t<div class=\"elementor-text-editor elementor-clearfix\">\n\t\t\t\t<p style=\"text-align: left;\"><span style=\"color: #000000;\">1) Lors de la premi\u00e8re phase, je vous guiderai pour <b>supprimer<\/b> l&#8217;ensemble des aliments contenant des <b>FODMAP<\/b> pendant une p\u00e9riode de 6 \u00e0 8 semaines. <br><\/span><\/p>\n<p style=\"text-align: left;\"><span style=\"color: #000000;\">2) En cas d&#8217;am\u00e9lioration, lors de la phase num\u00e9ro 2, je vous accompagnerai, dans la<b> r\u00e9introduction progressive des aliments riches en FODMAP<\/b>. Cette phase centrale vous permettra de mieux diff\u00e9rencier les FODMAP <b>tol\u00e9r\u00e9s de ceux g\u00e9n\u00e9rateurs de troubles.<\/b> Cette r\u00e9introduction doit se faire de mani\u00e8re <b>adapt\u00e9e<\/b> : un seul FODMAP \u00e0 la fois avec une <b>dose croissante<\/b> sur plusieurs jours. <br><\/span><\/p>\n<p style=\"text-align: left;\"><span style=\"color: #000000;\">3) Cette r\u00e9introduction, se poursuivra jusqu&#8217;\u00e0 que vous ayez <b>une connaissance parfaite<\/b> de vos <b>tol\u00e9rances digestives<\/b> et des aliments que vous devez consommer avec prudence.<br><\/span><\/p>\n<div>&nbsp;<\/div>\t\t\t\t\t<\/div>\n\t\t\t\t\t\t<\/div>\n\t\t\t\t<\/div>\n\t\t\t\t\t\t<\/div>\n\t\t\t\t\t<\/div>\n\t\t<\/div>\n\t\t\t\t\t\t\t\t<\/div>\n\t\t\t\t\t<\/div>\n\t\t<\/section>\n\t\t\t\t<section class=\"elementor-section elementor-top-section elementor-element elementor-element-22900a77 elementor-section-boxed elementor-section-height-default elementor-section-height-default\" data-id=\"22900a77\" data-element_type=\"section\" data-settings=\"{&quot;background_background&quot;:&quot;classic&quot;}\">\n\t\t\t\t\t\t<div class=\"elementor-container elementor-column-gap-default\">\n\t\t\t\t\t\t\t<div class=\"elementor-row\">\n\t\t\t\t\t<div class=\"elementor-column elementor-col-100 elementor-top-column elementor-element elementor-element-690307e0\" data-id=\"690307e0\" data-element_type=\"column\">\n\t\t\t<div class=\"elementor-column-wrap elementor-element-populated\">\n\t\t\t\t\t\t\t<div class=\"elementor-widget-wrap\">\n\t\t\t\t\t\t<div class=\"elementor-element elementor-element-13e168c9 elementor-widget elementor-widget-spacer\" data-id=\"13e168c9\" data-element_type=\"widget\" data-widget_type=\"spacer.default\">\n\t\t\t\t<div class=\"elementor-widget-container\">\n\t\t\t\t\t<div class=\"elementor-spacer\">\n\t\t\t<div class=\"elementor-spacer-inner\"><\/div>\n\t\t<\/div>\n\t\t\t\t<\/div>\n\t\t\t\t<\/div>\n\t\t\t\t<section class=\"elementor-section elementor-inner-section elementor-element elementor-element-7c785a7c elementor-section-boxed elementor-section-height-default elementor-section-height-default\" data-id=\"7c785a7c\" data-element_type=\"section\">\n\t\t\t\t\t\t<div class=\"elementor-container elementor-column-gap-default\">\n\t\t\t\t\t\t\t<div class=\"elementor-row\">\n\t\t\t\t\t<div class=\"elementor-column elementor-col-50 elementor-inner-column elementor-element elementor-element-4aa8eca3\" data-id=\"4aa8eca3\" data-element_type=\"column\">\n\t\t\t<div class=\"elementor-column-wrap elementor-element-populated\">\n\t\t\t\t\t\t\t<div class=\"elementor-widget-wrap\">\n\t\t\t\t\t\t<div class=\"elementor-element elementor-element-41889bfe elementor-widget elementor-widget-text-editor\" data-id=\"41889bfe\" data-element_type=\"widget\" data-widget_type=\"text-editor.default\">\n\t\t\t\t<div class=\"elementor-widget-container\">\n\t\t\t\t\t\t\t\t<div class=\"elementor-text-editor elementor-clearfix\">\n\t\t\t\t<p><b>BAPTISTE Amandine<\/b><\/p>\n<p><b>Di\u00e9t\u00e9ticienne &#8211; Nutritionniste<\/b><\/p>\n<p><span style=\"font-family: Roboto, sans-serif; font-size: 14px; font-style: normal; font-variant-ligatures: normal; font-variant-caps: normal; font-weight: 400; letter-spacing: -0.2px;\">64 AVENUE CHARLES DE GAULLE<\/span><br><\/p>\n<p>12100 MILLAU<\/p>\t\t\t\t\t<\/div>\n\t\t\t\t\t\t<\/div>\n\t\t\t\t<\/div>\n\t\t\t\t\t\t<\/div>\n\t\t\t\t\t<\/div>\n\t\t<\/div>\n\t\t\t\t<div class=\"elementor-column elementor-col-50 elementor-inner-column elementor-element elementor-element-483e7a95\" data-id=\"483e7a95\" data-element_type=\"column\">\n\t\t\t<div class=\"elementor-column-wrap elementor-element-populated\">\n\t\t\t\t\t\t\t<div class=\"elementor-widget-wrap\">\n\t\t\t\t\t\t<div class=\"elementor-element elementor-element-3c0646a0 elementor-widget elementor-widget-spacer\" data-id=\"3c0646a0\" data-element_type=\"widget\" data-widget_type=\"spacer.default\">\n\t\t\t\t<div class=\"elementor-widget-container\">\n\t\t\t\t\t<div class=\"elementor-spacer\">\n\t\t\t<div class=\"elementor-spacer-inner\"><\/div>\n\t\t<\/div>\n\t\t\t\t<\/div>\n\t\t\t\t<\/div>\n\t\t\t\t<div class=\"elementor-element elementor-element-70e9e483 elementor-widget elementor-widget-text-editor\" data-id=\"70e9e483\" data-element_type=\"widget\" data-widget_type=\"text-editor.default\">\n\t\t\t\t<div class=\"elementor-widget-container\">\n\t\t\t\t\t\t\t\t<div class=\"elementor-text-editor elementor-clearfix\">\n\t\t\t\t<p><b>a.baptiste@madiet.net <br><\/b><\/p>\n<p><b>Tel : 07.49.10.21.83<\/b><\/p>\n<p><b>N\u00b0 ADELI : 12 95 0074 0<\/b><\/p>\t\t\t\t\t<\/div>\n\t\t\t\t\t\t<\/div>\n\t\t\t\t<\/div>\n\t\t\t\t<div class=\"elementor-element elementor-element-40c46b91 elementor-widget elementor-widget-spacer\" data-id=\"40c46b91\" data-element_type=\"widget\" data-widget_type=\"spacer.default\">\n\t\t\t\t<div class=\"elementor-widget-container\">\n\t\t\t\t\t<div class=\"elementor-spacer\">\n\t\t\t<div class=\"elementor-spacer-inner\"><\/div>\n\t\t<\/div>\n\t\t\t\t<\/div>\n\t\t\t\t<\/div>\n\t\t\t\t\t\t<\/div>\n\t\t\t\t\t<\/div>\n\t\t<\/div>\n\t\t\t\t\t\t\t\t<\/div>\n\t\t\t\t\t<\/div>\n\t\t<\/section>\n\t\t\t\t<div class=\"elementor-element elementor-element-11cd2590 elementor-widget elementor-widget-spacer\" data-id=\"11cd2590\" data-element_type=\"widget\" data-widget_type=\"spacer.default\">\n\t\t\t\t<div class=\"elementor-widget-container\">\n\t\t\t\t\t<div class=\"elementor-spacer\">\n\t\t\t<div class=\"elementor-spacer-inner\"><\/div>\n\t\t<\/div>\n\t\t\t\t<\/div>\n\t\t\t\t<\/div>\n\t\t\t\t\t\t<\/div>\n\t\t\t\t\t<\/div>\n\t\t<\/div>\n\t\t\t\t\t\t\t\t<\/div>\n\t\t\t\t\t<\/div>\n\t\t<\/section>\n\t\t\t\t\t\t<\/div>\n\t\t\t\t\t\t<\/div>\n\t\t\t\t\t<\/div>\n\t\t","protected":false},"excerpt":{"rendered":"<p>Le syndrome de l\u2019intestin irritable (Sii) est un trouble r\u00e9pandu qui affecte le c\u00f4lon, ou le gros intestin. Il est \u00e9galement appel\u00e9 colopathie fonctionnelle. En France, le Sii touche entre 10 et 12 % de la population g\u00e9n\u00e9rale, avec une pr\u00e9dominance f\u00e9minine. Pr\u00e9sentez-vous les sympt\u00f4mes du SII ? Les sympt\u00f4mes les plus fr\u00e9quents sont&nbsp;: &#8211; [&hellip;]<\/p>\n","protected":false},"author":2,"featured_media":0,"parent":0,"menu_order":0,"comment_status":"closed","ping_status":"closed","template":"","meta":[],"yoast_head":"<!-- This site is optimized with the Yoast SEO plugin v16.9 - https:\/\/yoast.com\/wordpress\/plugins\/seo\/ -->\n<title>Syndrome de l&#039;intestin irritable ou colopathie fonctionnelle<\/title>\n<meta name=\"description\" content=\"BAPTISTE AMANDINE - DI\u00c9T\u00c9TICIENNE \u2013 NUTRITIONNISTE - PRATICIENNE EN HYPNOSE - 62 avenue Charles de Gaulle 12100 MILLAU - a.baptiste@madiet.net - Tel : 07.49.10.21.83\" \/>\n<meta name=\"robots\" content=\"index, follow, max-snippet:-1, max-image-preview:large, max-video-preview:-1\" \/>\n<link rel=\"canonical\" href=\"https:\/\/madiet.net\/?page_id=1339\" \/>\n<meta property=\"og:locale\" content=\"fr_FR\" \/>\n<meta property=\"og:type\" content=\"article\" \/>\n<meta property=\"og:title\" content=\"Syndrome de l&#039;intestin irritable ou colopathie fonctionnelle\" \/>\n<meta property=\"og:description\" content=\"BAPTISTE AMANDINE - DI\u00c9T\u00c9TICIENNE \u2013 NUTRITIONNISTE - PRATICIENNE EN HYPNOSE - 62 avenue Charles de Gaulle 12100 MILLAU - a.baptiste@madiet.net - Tel : 07.49.10.21.83\" \/>\n<meta property=\"og:url\" content=\"https:\/\/madiet.net\/?page_id=1339\" \/>\n<meta property=\"og:site_name\" content=\"BAPTISTE Amandine\" \/>\n<meta property=\"article:modified_time\" content=\"2022-04-23T08:22:40+00:00\" \/>\n<meta name=\"twitter:card\" content=\"summary_large_image\" \/>\n<meta name=\"twitter:label1\" content=\"Dur\u00e9e de lecture est.\" \/>\n\t<meta name=\"twitter:data1\" content=\"2 minutes\" \/>\n<script type=\"application\/ld+json\" class=\"yoast-schema-graph\">{\"@context\":\"https:\/\/schema.org\",\"@graph\":[{\"@type\":[\"Person\",\"Organization\"],\"@id\":\"https:\/\/madiet.net\/#\/schema\/person\/846130f51fbb7083589f3b0fa9b743a5\",\"name\":\"Amandine Baptiste\",\"image\":{\"@type\":\"ImageObject\",\"@id\":\"https:\/\/madiet.net\/#personlogo\",\"inLanguage\":\"fr-FR\",\"url\":\"https:\/\/madiet.net\/wp-content\/uploads\/2020\/05\/amandine.jpg.png\",\"contentUrl\":\"https:\/\/madiet.net\/wp-content\/uploads\/2020\/05\/amandine.jpg.png\",\"width\":373,\"height\":407,\"caption\":\"Amandine Baptiste\"},\"logo\":{\"@id\":\"https:\/\/madiet.net\/#personlogo\"},\"sameAs\":[\"https:\/\/madiet.net\"]},{\"@type\":\"WebSite\",\"@id\":\"https:\/\/madiet.net\/#website\",\"url\":\"https:\/\/madiet.net\/\",\"name\":\"BAPTISTE Amandine\",\"description\":\"Amandine BAPTISTE, Di\\u00e9t\\u00e9ticienne \\u00e0 Millau\",\"publisher\":{\"@id\":\"https:\/\/madiet.net\/#\/schema\/person\/846130f51fbb7083589f3b0fa9b743a5\"},\"potentialAction\":[{\"@type\":\"SearchAction\",\"target\":{\"@type\":\"EntryPoint\",\"urlTemplate\":\"https:\/\/madiet.net\/?s={search_term_string}\"},\"query-input\":\"required name=search_term_string\"}],\"inLanguage\":\"fr-FR\"},{\"@type\":\"WebPage\",\"@id\":\"https:\/\/madiet.net\/?page_id=1339#webpage\",\"url\":\"https:\/\/madiet.net\/?page_id=1339\",\"name\":\"Syndrome de l'intestin irritable ou colopathie fonctionnelle\",\"isPartOf\":{\"@id\":\"https:\/\/madiet.net\/#website\"},\"datePublished\":\"2020-06-23T09:29:16+00:00\",\"dateModified\":\"2022-04-23T08:22:40+00:00\",\"description\":\"BAPTISTE AMANDINE - DI\\u00c9T\\u00c9TICIENNE \\u2013 NUTRITIONNISTE - PRATICIENNE EN HYPNOSE - 62 avenue Charles de Gaulle 12100 MILLAU - a.baptiste@madiet.net - Tel : 07.49.10.21.83\",\"breadcrumb\":{\"@id\":\"https:\/\/madiet.net\/?page_id=1339#breadcrumb\"},\"inLanguage\":\"fr-FR\",\"potentialAction\":[{\"@type\":\"ReadAction\",\"target\":[\"https:\/\/madiet.net\/?page_id=1339\"]}]},{\"@type\":\"BreadcrumbList\",\"@id\":\"https:\/\/madiet.net\/?page_id=1339#breadcrumb\",\"itemListElement\":[{\"@type\":\"ListItem\",\"position\":1,\"name\":\"Accueil\",\"item\":\"https:\/\/madiet.net\/\"},{\"@type\":\"ListItem\",\"position\":2,\"name\":\"Syndrome de l&#8217;intestin irritable ou colopathie fonctionnelle\"}]}]}<\/script>\n<!-- \/ Yoast SEO plugin. -->","yoast_head_json":{"title":"Syndrome de l'intestin irritable ou colopathie fonctionnelle","description":"BAPTISTE AMANDINE - DI\u00c9T\u00c9TICIENNE \u2013 NUTRITIONNISTE - PRATICIENNE EN HYPNOSE - 62 avenue Charles de Gaulle 12100 MILLAU - a.baptiste@madiet.net - Tel : 07.49.10.21.83","robots":{"index":"index","follow":"follow","max-snippet":"max-snippet:-1","max-image-preview":"max-image-preview:large","max-video-preview":"max-video-preview:-1"},"canonical":"https:\/\/madiet.net\/?page_id=1339","og_locale":"fr_FR","og_type":"article","og_title":"Syndrome de l'intestin irritable ou colopathie fonctionnelle","og_description":"BAPTISTE AMANDINE - DI\u00c9T\u00c9TICIENNE \u2013 NUTRITIONNISTE - PRATICIENNE EN HYPNOSE - 62 avenue Charles de Gaulle 12100 MILLAU - a.baptiste@madiet.net - Tel : 07.49.10.21.83","og_url":"https:\/\/madiet.net\/?page_id=1339","og_site_name":"BAPTISTE Amandine","article_modified_time":"2022-04-23T08:22:40+00:00","twitter_card":"summary_large_image","twitter_misc":{"Dur\u00e9e de lecture est.":"2 minutes"},"schema":{"@context":"https:\/\/schema.org","@graph":[{"@type":["Person","Organization"],"@id":"https:\/\/madiet.net\/#\/schema\/person\/846130f51fbb7083589f3b0fa9b743a5","name":"Amandine Baptiste","image":{"@type":"ImageObject","@id":"https:\/\/madiet.net\/#personlogo","inLanguage":"fr-FR","url":"https:\/\/madiet.net\/wp-content\/uploads\/2020\/05\/amandine.jpg.png","contentUrl":"https:\/\/madiet.net\/wp-content\/uploads\/2020\/05\/amandine.jpg.png","width":373,"height":407,"caption":"Amandine Baptiste"},"logo":{"@id":"https:\/\/madiet.net\/#personlogo"},"sameAs":["https:\/\/madiet.net"]},{"@type":"WebSite","@id":"https:\/\/madiet.net\/#website","url":"https:\/\/madiet.net\/","name":"BAPTISTE Amandine","description":"Amandine BAPTISTE, Di\u00e9t\u00e9ticienne \u00e0 Millau","publisher":{"@id":"https:\/\/madiet.net\/#\/schema\/person\/846130f51fbb7083589f3b0fa9b743a5"},"potentialAction":[{"@type":"SearchAction","target":{"@type":"EntryPoint","urlTemplate":"https:\/\/madiet.net\/?s={search_term_string}"},"query-input":"required name=search_term_string"}],"inLanguage":"fr-FR"},{"@type":"WebPage","@id":"https:\/\/madiet.net\/?page_id=1339#webpage","url":"https:\/\/madiet.net\/?page_id=1339","name":"Syndrome de l'intestin irritable ou colopathie fonctionnelle","isPartOf":{"@id":"https:\/\/madiet.net\/#website"},"datePublished":"2020-06-23T09:29:16+00:00","dateModified":"2022-04-23T08:22:40+00:00","description":"BAPTISTE AMANDINE - DI\u00c9T\u00c9TICIENNE \u2013 NUTRITIONNISTE - PRATICIENNE EN HYPNOSE - 62 avenue Charles de Gaulle 12100 MILLAU - a.baptiste@madiet.net - Tel : 07.49.10.21.83","breadcrumb":{"@id":"https:\/\/madiet.net\/?page_id=1339#breadcrumb"},"inLanguage":"fr-FR","potentialAction":[{"@type":"ReadAction","target":["https:\/\/madiet.net\/?page_id=1339"]}]},{"@type":"BreadcrumbList","@id":"https:\/\/madiet.net\/?page_id=1339#breadcrumb","itemListElement":[{"@type":"ListItem","position":1,"name":"Accueil","item":"https:\/\/madiet.net\/"},{"@type":"ListItem","position":2,"name":"Syndrome de l&#8217;intestin irritable ou colopathie fonctionnelle"}]}]}},"_links":{"self":[{"href":"https:\/\/madiet.net\/index.php?rest_route=\/wp\/v2\/pages\/1339"}],"collection":[{"href":"https:\/\/madiet.net\/index.php?rest_route=\/wp\/v2\/pages"}],"about":[{"href":"https:\/\/madiet.net\/index.php?rest_route=\/wp\/v2\/types\/page"}],"author":[{"embeddable":true,"href":"https:\/\/madiet.net\/index.php?rest_route=\/wp\/v2\/users\/2"}],"replies":[{"embeddable":true,"href":"https:\/\/madiet.net\/index.php?rest_route=%2Fwp%2Fv2%2Fcomments&post=1339"}],"version-history":[{"count":23,"href":"https:\/\/madiet.net\/index.php?rest_route=\/wp\/v2\/pages\/1339\/revisions"}],"predecessor-version":[{"id":1802,"href":"https:\/\/madiet.net\/index.php?rest_route=\/wp\/v2\/pages\/1339\/revisions\/1802"}],"wp:attachment":[{"href":"https:\/\/madiet.net\/index.php?rest_route=%2Fwp%2Fv2%2Fmedia&parent=1339"}],"curies":[{"name":"wp","href":"https:\/\/api.w.org\/{rel}","templated":true}]}}